{"id":102,"date":"2020-11-26T20:30:07","date_gmt":"2020-11-26T20:30:07","guid":{"rendered":"https:\/\/almappartements.at\/?page_id=102"},"modified":"2020-11-26T20:30:07","modified_gmt":"2020-11-26T20:30:07","slug":"apartment-mit-2-schlafzimmern-und-terrasse","status":"publish","type":"page","link":"https:\/\/almapartments.at\/?page_id=102","title":{"rendered":"Apartment mit 2 Schlafzimmern und Terrasse"},"content":{"rendered":"\n<p>Dieses Apartment verf\u00fcgt \u00fcber einen Sitzbereich mit einem Sofa, eine komplett ausgestattete K\u00fcche und ein eigenes Bad. Au\u00dferdem bietet das Apartment eine Terrasse mit Bergblick. Bitte beachten Sie, dass der Zimmerpreis f\u00fcr 4 G\u00e4ste gilt. Bis zu 6 G\u00e4ste finden hier Platz (siehe Preise f\u00fcr Zustellbetten).<\/p>\n\n\n\n<figure class=\"wp-block-gallery columns-0 is-cropped\"><ul class=\"blocks-gallery-grid\"><\/ul><\/figure>\n","protected":false},"excerpt":{"rendered":"<p>Dieses Apartment verf\u00fcgt \u00fcber einen Sitzbereich mit einem Sofa, eine komplett ausgestattete K\u00fcche und ein eigenes Bad. Au\u00dferdem bietet das Apartment eine Terrasse mit Bergblick. Bitte beachten Sie, dass der Zimmerpreis f\u00fcr 4 G\u00e4ste gilt. Bis zu 6 G\u00e4ste finden hier Platz (siehe Preise f\u00fcr Zustellbetten).<\/p>\n","protected":false},"author":1,"featured_media":0,"parent":31,"menu_order":0,"comment_status":"closed","ping_status":"closed","template":"","meta":[],"_links":{"self":[{"href":"https:\/\/almapartments.at\/index.php?rest_route=\/wp\/v2\/pages\/102"}],"collection":[{"href":"https:\/\/almapartments.at\/index.php?rest_route=\/wp\/v2\/pages"}],"about":[{"href":"https:\/\/almapartments.at\/index.php?rest_route=\/wp\/v2\/types\/page"}],"author":[{"embeddable":true,"href":"https:\/\/almapartments.at\/index.php?rest_route=\/wp\/v2\/users\/1"}],"replies":[{"embeddable":true,"href":"https:\/\/almapartments.at\/index.php?rest_route=%2Fwp%2Fv2%2Fcomments&post=102"}],"version-history":[{"count":0,"href":"https:\/\/almapartments.at\/index.php?rest_route=\/wp\/v2\/pages\/102\/revisions"}],"up":[{"embeddable":true,"href":"https:\/\/almapartments.at\/index.php?rest_route=\/wp\/v2\/pages\/31"}],"wp:attachment":[{"href":"https:\/\/almapartments.at\/index.php?rest_route=%2Fwp%2Fv2%2Fmedia&parent=102"}],"curies":[{"name":"wp","href":"https:\/\/api.w.org\/{rel}","templated":true}]}}